{"id":1630,"date":"2024-12-07T20:13:16","date_gmt":"2024-12-07T20:13:16","guid":{"rendered":"https:\/\/drserapozdamar.com\/?page_id=1630"},"modified":"2024-12-29T18:54:59","modified_gmt":"2024-12-29T18:54:59","slug":"bruksizim-ve-cene-eklemi","status":"publish","type":"page","link":"https:\/\/drserapozdamar.com\/?page_id=1630","title":{"rendered":"Bruksizim ve \u00c7ene Eklemi"},"content":{"rendered":"\t\t<div data-elementor-type=\"wp-page\" data-elementor-id=\"1630\" class=\"elementor elementor-1630\">\n\t\t\t\t<div class=\"elementor-element elementor-element-f59a776 e-flex e-con-boxed e-con e-parent\" data-id=\"f59a776\" data-element_type=\"container\" data-settings=\"{&quot;jet_parallax_layout_list&quot;:[]}\">\n\t\t\t\t\t<div class=\"e-con-inner\">\n\t\t<div class=\"elementor-element elementor-element-5bc7c54 e-con-full e-flex e-con e-child\" data-id=\"5bc7c54\" data-element_type=\"container\" data-settings=\"{&quot;jet_parallax_layout_list&quot;:[]}\">\n\t\t\t\t<div class=\"elementor-element elementor-element-9187a1e elementor-widget elementor-widget-image\" data-id=\"9187a1e\" data-element_type=\"widget\" data-widget_type=\"image.default\">\n\t\t\t\t<div class=\"elementor-widget-container\">\n\t\t\t\t\t\t\t\t\t\t\t\t\t<img fetchpriority=\"high\" decoding=\"async\" width=\"1000\" height=\"525\" src=\"https:\/\/drserapozdamar.com\/wp-content\/uploads\/2024\/12\/IMG-20241229-WA0035.jpg\" class=\"attachment-large size-large wp-image-1778\" alt=\"\" srcset=\"https:\/\/drserapozdamar.com\/wp-content\/uploads\/2024\/12\/IMG-20241229-WA0035.jpg 1000w, https:\/\/drserapozdamar.com\/wp-content\/uploads\/2024\/12\/IMG-20241229-WA0035-300x158.jpg 300w, https:\/\/drserapozdamar.com\/wp-content\/uploads\/2024\/12\/IMG-20241229-WA0035-768x403.jpg 768w\" sizes=\"(max-width: 1000px) 100vw, 1000px\" \/>\t\t\t\t\t\t\t\t\t\t\t\t\t<\/div>\n\t\t\t\t<\/div>\n\t\t\t\t<\/div>\n\t\t<div class=\"elementor-element elementor-element-b1d2fdf e-con-full e-flex e-con e-child\" data-id=\"b1d2fdf\" data-element_type=\"container\" data-settings=\"{&quot;jet_parallax_layout_list&quot;:[]}\">\n\t\t\t\t<div class=\"elementor-element elementor-element-7391c01 elementor-widget elementor-widget-heading\" data-id=\"7391c01\" data-element_type=\"widget\" data-widget_type=\"heading.default\">\n\t\t\t\t<div class=\"elementor-widget-container\">\n\t\t\t<h2 class=\"elementor-heading-title elementor-size-default\"><p><u>Bruksizim ve \u00c7ene Eklemi<\/u><span style=\"color: var( --e-global-color-primary ); font-family: var( --e-global-typography-primary-font-family ), Sans-serif; font-size: 2rem; font-weight: var( --e-global-typography-primary-font-weight ); text-align: var(--text-align); letter-spacing: 0.27px;\"><\/span><\/p><\/h2>\t\t<\/div>\n\t\t\t\t<\/div>\n\t\t\t\t<div class=\"elementor-element elementor-element-3bdd501 elementor-widget elementor-widget-text-editor\" data-id=\"3bdd501\" data-element_type=\"widget\" data-widget_type=\"text-editor.default\">\n\t\t\t\t<div class=\"elementor-widget-container\">\n\t\t\t\t\t\t\t<p><em><u>Temporomandibular eklem nedir?<\/u><\/em><\/p><p><strong><em>Temporomandibular eklem<\/em><\/strong> (TME) kula\u011f\u0131n \u00f6n\u00fcnde, kafatas\u0131 ile alt \u00e7enenin birle\u015fti\u011fi noktada bulunan k\u00fc\u00e7\u00fck bir eklemdir. Alt \u00e7enenin (mandibula) hareket etmesini ve fonksiyonunu sa\u011flar. \u2028\u2028<\/p><p><em><u>\u00c7ene eklemi rahats\u0131zl\u0131\u011f\u0131n\u0131n belirtileri nelerdir?<\/u><\/em><\/p><p><strong><em>TME<\/em><\/strong> bozukluklar\u0131 ile \u00e7ok s\u0131k kar\u015f\u0131la\u015f\u0131l\u0131r ve \u00e7e\u015fitli semptomlar g\u00f6sterirler. Hastalar kulak a\u011fr\u0131s\u0131ndan, ba\u015f a\u011fr\u0131s\u0131ndan ve a\u011f\u0131zlar\u0131n\u0131 k\u0131s\u0131tl\u0131 \u00f6l\u00e7\u00fcde a\u00e7abildiklerinden \u015fikayet edebilirler. Hastalar eklemde t\u0131k\u0131rt\u0131 veya g\u0131c\u0131rdama sesi geldi\u011finden ve a\u011f\u0131zlar\u0131n\u0131 a\u00e7arken ve kapat\u0131rken a\u011fr\u0131 hissettiklerinden de \u015fikayet edebilirler.<\/p><p><strong><em>TME<\/em><\/strong> probleminin nedeninin belirlenmesi \u00f6nemlidir; \u00e7\u00fcnk\u00fc bu, tedaviyi y\u00f6nlendiren nedendir. \u2028\u2028<\/p><p><strong><em>TME<\/em><\/strong> semptomlar\u0131n\u0131n bir nedeni artrittir. Bir yaralanmadan veya gece di\u015flerin g\u0131c\u0131rdat\u0131lmas\u0131ndan kaynaklanabilir. Ba\u015fka bir yayg\u0131n neden \u00e7ene kemi\u011fi ve yuvas\u0131 aras\u0131nda bulunan diskin yerinden \u00e7\u0131kmas\u0131 veya yerinin de\u011fi\u015fmesidir. Yerinden \u00e7\u0131kan bir disk t\u0131k\u0131rdama veya \u00e7\u0131t\u0131rt\u0131ya neden olabilir, \u00e7enenin hareketini k\u0131s\u0131tlayabilir ve a\u011fz\u0131 a\u00e7arken ve kapat\u0131rken a\u011fr\u0131ya yol a\u00e7abilir. Disk bir delik veya perforasyon da olu\u015fturabilir; bu da eklem hareketi s\u0131ras\u0131nda g\u0131c\u0131rt\u0131ya neden olur. <strong><em>TME\u2019<\/em><\/strong>nin par\u00e7alar\u0131n\u0131n kayna\u015farak \u00e7enenin hareketini tamamen engelledi\u011fi travma veya romatoid artrit gibi rahats\u0131zl\u0131klar da vard\u0131r.<\/p><p>Stres \u00e7ene kaslar\u0131ndaki a\u011fr\u0131y\u0131 tetikleyebilir. Bu a\u011fr\u0131 <strong><em>TME <\/em><\/strong>problemlerinin yol a\u00e7t\u0131\u011f\u0131 a\u011fr\u0131 ile \u00e7ok benzerdir. Etkilenen hastalar geceleri s\u0131kl\u0131kla di\u015flerini s\u0131kar veya g\u0131c\u0131rdat\u0131r; bu da kaslarda a\u011fr\u0131l\u0131 spazmlara ve \u00e7eneyi hareket ettirmede zorlu\u011fa yol a\u00e7ar. Hastalarda kas ve eklem problemleri bir arada da g\u00f6r\u00fclebilir. <strong><em>TME <\/em><\/strong>bozukluklar\u0131n\u0131n tan\u0131lanmas\u0131n\u0131n karma\u015f\u0131k olmas\u0131n\u0131n ve farkl\u0131 tan\u0131sal prosed\u00fcrler gerektirebilmesinin nedeni budur.<\/p><p><em><u>\u00c7ene eklemi rahats\u0131zl\u0131klar\u0131 nas\u0131l tedavi edilir?<\/u><\/em><\/p><ul><li><em><u>Plak tedavisi<\/u><\/em><\/li><li><em><u>Artrosentez<\/u><\/em><\/li><li><em><u>Ileri eklem cerrahisi<\/u><\/em><\/li><\/ul><p><strong><em>TME<\/em><\/strong> tedavisi konvansiyonel di\u015f hekimli\u011finden ve medikal tedaviden kompleks ameliyatlara kadar farkl\u0131l\u0131k g\u00f6sterebilir. Tan\u0131ya ba\u011fl\u0131 olarak, tedavi a\u011fr\u0131 ve kas rahatlamas\u0131 i\u00e7in k\u0131sa s\u00fcreli nonsteroidal antienflamatuar ila\u00e7lardan, \u0131s\u0131rma pla\u011f\u0131 veya splint tedavisine, hatta stres y\u00f6netimi terapisine kadar de\u011fi\u015fiklik g\u00f6sterebilir.\u2028\u2028Genel olarak, cerrahi d\u0131\u015f\u0131 tedavinin ba\u015far\u0131s\u0131z olmas\u0131 veya belirgin eklem hasar\u0131n\u0131n bulunmas\u0131 halinde, ameliyat gerekebilir. Ameliyat artroskopiyi (diz gibi daha b\u00fcy\u00fck eklemleri incelemek ve tedavi etmek i\u00e7in kullan\u0131lan y\u00f6ntemin ayn\u0131s\u0131) veya do\u011frudan cerrahi yakla\u015f\u0131mla hasar g\u00f6rm\u00fc\u015f dokunun onar\u0131m\u0131n\u0131 i\u00e7erebilir. <strong><em>TME <\/em><\/strong>bozukluklar\u0131 do\u011fru te\u015fhis edildikten sonra uygun tedaviye ba\u015flanabilir.<\/p><p><em><u>Nelere dikkat etmeliyim?<\/u><\/em><\/p><p>Te\u015fhis edilen <strong><em>TME<\/em><\/strong> rahats\u0131zl\u0131\u011f\u0131n\u0131n tipine g\u00f6re de\u011fi\u015fmekle birlikte genel olarak dikkat edilmesi gerekenleri \u015f\u00f6yle s\u0131ralayabilirz;<\/p><ul><li>\u00d6ncelikle di\u015flerin kapan\u0131\u015f\u0131n\u0131 etkileyecek bir bozukluk s\u00f6z konusu ise mutlaka tedavi edilmelidir.<\/li><li>Sak\u0131z \u00e7i\u011fnemek vb al\u0131\u015fkanl\u0131klardan vazge\u00e7ilmelidir.<\/li><li>Bu durumun hayat boyu ara ara akut hale ge\u00e7erek devam etmesi muhtemel bir rahats\u0131zl\u0131k oldu\u011fu unutulmamal\u0131d\u0131r<\/li><li>A\u011f\u0131z\u0131n ani ve kontrols\u00fcz olarak a\u00e7\u0131lmas\u0131 konusunda dikkali olunmal\u0131d\u0131r.<\/li><\/ul>\t\t\t\t\t\t<\/div>\n\t\t\t\t<\/div>\n\t\t\t\t<\/div>\n\t\t\t\t\t<\/div>\n\t\t\t\t<\/div>\n\t\t\t\t<\/div>\n\t\t","protected":false},"excerpt":{"rendered":"<p>Bruksizim ve \u00c7ene Eklemi Temporomandibular eklem nedir? Temporomandibular eklem (TME) kula\u011f\u0131n \u00f6n\u00fcnde, kafatas\u0131 ile alt \u00e7enenin birle\u015fti\u011fi noktada bulunan k\u00fc\u00e7\u00fck bir eklemdir. Alt \u00e7enenin (mandibula) hareket etmesini ve fonksiyonunu sa\u011flar. \u2028\u2028 \u00c7ene eklemi rahats\u0131zl\u0131\u011f\u0131n\u0131n belirtileri nelerdir? TME bozukluklar\u0131 ile \u00e7ok s\u0131k kar\u015f\u0131la\u015f\u0131l\u0131r ve \u00e7e\u015fitli semptomlar g\u00f6sterirler. Hastalar kulak a\u011fr\u0131s\u0131ndan, ba\u015f a\u011fr\u0131s\u0131ndan ve a\u011f\u0131zlar\u0131n\u0131 k\u0131s\u0131tl\u0131 \u00f6l\u00e7\u00fcde [&hellip;]<\/p>\n","protected":false},"author":1,"featured_media":0,"parent":0,"menu_order":0,"comment_status":"closed","ping_status":"closed","template":"","meta":{"_acf_changed":false,"footnotes":""},"class_list":["post-1630","page","type-page","status-publish","hentry"],"acf":[],"_links":{"self":[{"href":"https:\/\/drserapozdamar.com\/index.php?rest_route=\/wp\/v2\/pages\/1630"}],"collection":[{"href":"https:\/\/drserapozdamar.com\/index.php?rest_route=\/wp\/v2\/pages"}],"about":[{"href":"https:\/\/drserapozdamar.com\/index.php?rest_route=\/wp\/v2\/types\/page"}],"author":[{"embeddable":true,"href":"https:\/\/drserapozdamar.com\/index.php?rest_route=\/wp\/v2\/users\/1"}],"replies":[{"embeddable":true,"href":"https:\/\/drserapozdamar.com\/index.php?rest_route=%2Fwp%2Fv2%2Fcomments&post=1630"}],"version-history":[{"count":4,"href":"https:\/\/drserapozdamar.com\/index.php?rest_route=\/wp\/v2\/pages\/1630\/revisions"}],"predecessor-version":[{"id":1781,"href":"https:\/\/drserapozdamar.com\/index.php?rest_route=\/wp\/v2\/pages\/1630\/revisions\/1781"}],"wp:attachment":[{"href":"https:\/\/drserapozdamar.com\/index.php?rest_route=%2Fwp%2Fv2%2Fmedia&parent=1630"}],"curies":[{"name":"wp","href":"https:\/\/api.w.org\/{rel}","templated":true}]}}